{"id":23110,"date":"2023-09-25T18:01:41","date_gmt":"2023-09-25T16:01:41","guid":{"rendered":"https:\/\/maria.tk\/?page_id=23110"},"modified":"2023-10-04T20:11:55","modified_gmt":"2023-10-04T18:11:55","slug":"biennale-d-arte-sacra-contemporanea-bacs-2023","status":"publish","type":"page","link":"https:\/\/maria.guidodettoni.com\/it\/mostre\/biennale-d-arte-sacra-contemporanea-bacs-2023\/","title":{"rendered":"Biennale d&#8217;Arte Sacra Contemporanea &#8211; BACS 2023"},"content":{"rendered":"\t\t<div data-elementor-type=\"wp-page\" data-elementor-id=\"23110\" class=\"elementor elementor-23110 elementor-23109\" data-elementor-post-type=\"page\">\n\t\t\t\t\t\t<section class=\"elementor-section elementor-top-section elementor-element elementor-element-4989994 elementor-section-boxed elementor-section-height-default elementor-section-height-default\" data-id=\"4989994\" data-element_type=\"section\" data-settings=\"{&quot;jet_parallax_layout_list&quot;:[]}\">\n\t\t\t\t\t\t<div class=\"elementor-container elementor-column-gap-default\">\n\t\t\t\t\t<div class=\"elementor-column elementor-col-100 elementor-top-column elementor-element elementor-element-6e7fe22\" data-id=\"6e7fe22\" data-element_type=\"column\">\n\t\t\t<div class=\"elementor-widget-wrap elementor-element-populated\">\n\t\t\t\t\t\t<div class=\"elementor-element elementor-element-8819e7d elementor-widget elementor-widget-breadcrumbs\" data-id=\"8819e7d\" data-element_type=\"widget\" data-widget_type=\"breadcrumbs.default\">\n\t\t\t\t<div class=\"elementor-widget-container\">\n\t\t\t\t\t<p id=\"breadcrumbs\"><span><span><a href=\"https:\/\/maria.guidodettoni.com\/it\/\">HOME<\/a><\/span><\/span><\/p>\t\t\t\t<\/div>\n\t\t\t\t<\/div>\n\t\t\t\t\t<\/div>\n\t\t<\/div>\n\t\t\t\t\t<\/div>\n\t\t<\/section>\n\t\t\t\t<section class=\"elementor-section elementor-top-section elementor-element elementor-element-7e0b97b elementor-section-full_width elementor-section-content-middle elementor-section-height-default elementor-section-height-default\" data-id=\"7e0b97b\" data-element_type=\"section\" data-settings=\"{&quot;background_background&quot;:&quot;slideshow&quot;,&quot;jet_parallax_layout_list&quot;:[],&quot;background_slideshow_gallery&quot;:[],&quot;background_slideshow_loop&quot;:&quot;yes&quot;,&quot;background_slideshow_slide_duration&quot;:5000,&quot;background_slideshow_slide_transition&quot;:&quot;fade&quot;,&quot;background_slideshow_transition_duration&quot;:500}\">\n\t\t\t\t\t\t<div class=\"elementor-container elementor-column-gap-default\">\n\t\t\t\t\t<div class=\"elementor-column elementor-col-50 elementor-top-column elementor-element elementor-element-448d4f5\" data-id=\"448d4f5\" data-element_type=\"column\" data-settings=\"{&quot;background_background&quot;:&quot;classic&quot;}\">\n\t\t\t<div class=\"elementor-widget-wrap elementor-element-populated\">\n\t\t\t\t\t\t<div class=\"elementor-element elementor-element-20fa2da elementor-invisible elementor-widget elementor-widget-text-editor\" data-id=\"20fa2da\" data-element_type=\"widget\" data-settings=\"{&quot;_animation&quot;:&quot;fadeIn&quot;}\" data-widget_type=\"text-editor.default\">\n\t\t\t\t<div class=\"elementor-widget-container\">\n\t\t\t\t\t\t\t\t\t<h1>Biennale d&#8217;Arte Sacra Contemporanea &#8211; BACS<\/h1>\n<h2>dal 1 al 31 ottobre 2023<br \/>Menton<\/h2>\n<h3><strong>MARIA omnia plena<\/strong><\/h3>\n\t\t\t\t\t\t\t\t<\/div>\n\t\t\t\t<\/div>\n\t\t\t\t\t<\/div>\n\t\t<\/div>\n\t\t\t\t<div class=\"elementor-column elementor-col-50 elementor-top-column elementor-element elementor-element-35e4276\" data-id=\"35e4276\" data-element_type=\"column\">\n\t\t\t<div class=\"elementor-widget-wrap elementor-element-populated\">\n\t\t\t\t\t\t<div class=\"elementor-element elementor-element-559081f elementor-invisible elementor-widget elementor-widget-image\" data-id=\"559081f\" data-element_type=\"widget\" data-settings=\"{&quot;_animation&quot;:&quot;fadeIn&quot;}\" data-widget_type=\"image.default\">\n\t\t\t\t<div class=\"elementor-widget-container\">\n\t\t\t\t\t\t\t\t\t\t\t\t\t\t\t<img decoding=\"async\" src=\"https:\/\/maria.guidodettoni.com\/wp-content\/uploads\/elementor\/thumbs\/bacs-2023-guido-dettoni-01-scaled-qdbmjirotwa9wi7nchg2jbxfb72th8rdy7ota20528.jpg\" title=\"bacs-2023-guido-dettoni-01\" alt=\"bacs-2023-guido-dettoni-01\" loading=\"lazy\" \/>\t\t\t\t\t\t\t\t\t\t\t\t\t\t\t<\/div>\n\t\t\t\t<\/div>\n\t\t\t\t\t<\/div>\n\t\t<\/div>\n\t\t\t\t\t<\/div>\n\t\t<\/section>\n\t\t\t\t<section class=\"elementor-section elementor-top-section elementor-element elementor-element-6bfe85e elementor-section-full_width elementor-section-height-default elementor-section-height-default\" data-id=\"6bfe85e\" data-element_type=\"section\" data-settings=\"{&quot;jet_parallax_layout_list&quot;:[]}\">\n\t\t\t\t\t\t<div class=\"elementor-container elementor-column-gap-default\">\n\t\t\t\t\t<div class=\"elementor-column elementor-col-100 elementor-top-column elementor-element elementor-element-1f329f7\" data-id=\"1f329f7\" data-element_type=\"column\">\n\t\t\t<div class=\"elementor-widget-wrap elementor-element-populated\">\n\t\t\t\t\t\t<div class=\"elementor-element elementor-element-876ba61 elementor-arrows-position-inside elementor-widget elementor-widget-image-carousel\" data-id=\"876ba61\" data-element_type=\"widget\" data-settings=\"{&quot;slides_to_show&quot;:&quot;4&quot;,&quot;slides_to_scroll&quot;:&quot;1&quot;,&quot;navigation&quot;:&quot;arrows&quot;,&quot;autoplay&quot;:&quot;yes&quot;,&quot;pause_on_hover&quot;:&quot;yes&quot;,&quot;pause_on_interaction&quot;:&quot;yes&quot;,&quot;autoplay_speed&quot;:5000,&quot;infinite&quot;:&quot;yes&quot;,&quot;speed&quot;:500,&quot;image_spacing_custom&quot;:{&quot;unit&quot;:&quot;px&quot;,&quot;size&quot;:20,&quot;sizes&quot;:[]},&quot;image_spacing_custom_tablet&quot;:{&quot;unit&quot;:&quot;px&quot;,&quot;size&quot;:&quot;&quot;,&quot;sizes&quot;:[]},&quot;image_spacing_custom_mobile&quot;:{&quot;unit&quot;:&quot;px&quot;,&quot;size&quot;:&quot;&quot;,&quot;sizes&quot;:[]}}\" data-widget_type=\"image-carousel.default\">\n\t\t\t\t<div class=\"elementor-widget-container\">\n\t\t\t\t\t\t\t<div class=\"elementor-image-carousel-wrapper swiper\" role=\"region\" aria-roledescription=\"carousel\" aria-label=\"Carosello d&#039;immagini\" dir=\"ltr\">\n\t\t\t<div class=\"elementor-image-carousel swiper-wrapper\" aria-live=\"off\">\n\t\t\t\t\t\t\t\t<div class=\"swiper-slide\" role=\"group\" aria-roledescription=\"slide\" aria-label=\"1 di 5\"><a data-elementor-open-lightbox=\"yes\" data-elementor-lightbox-slideshow=\"876ba61\" data-elementor-lightbox-description=\"MARIA Omnia Plena at the Biennal of Contemporary Sacred Art, BACS 2023\" data-e-action-hash=\"#elementor-action%3Aaction%3Dlightbox%26settings%3DeyJpZCI6MjMxNjYsInVybCI6Imh0dHBzOlwvXC9tYXJpYS5ndWlkb2RldHRvbmkuY29tXC93cC1jb250ZW50XC91cGxvYWRzXC8yMDIzXC8xMFwvYmFjcy0yMDIzLWd1aWRvLWRldHRvbmktMDIuanBnIiwic2xpZGVzaG93IjoiODc2YmE2MSJ9\" href=\"https:\/\/maria.guidodettoni.com\/wp-content\/uploads\/2023\/10\/bacs-2023-guido-dettoni-02.jpg\"><figure class=\"swiper-slide-inner\"><img decoding=\"async\" class=\"swiper-slide-image\" src=\"https:\/\/maria.guidodettoni.com\/wp-content\/uploads\/2023\/10\/bacs-2023-guido-dettoni-02-300x300.jpg\" alt=\"MARIA Omnia Plena at the Biennal of Contemporary Sacred Art, BACS 2023\" \/><\/figure><\/a><\/div><div class=\"swiper-slide\" role=\"group\" aria-roledescription=\"slide\" aria-label=\"2 di 5\"><a data-elementor-open-lightbox=\"yes\" data-elementor-lightbox-slideshow=\"876ba61\" data-elementor-lightbox-description=\"MARIA Omnia Plena at the Biennal of Contemporary Sacred Art, BACS 2023\" data-e-action-hash=\"#elementor-action%3Aaction%3Dlightbox%26settings%3DeyJpZCI6MjMxNzEsInVybCI6Imh0dHBzOlwvXC9tYXJpYS5ndWlkb2RldHRvbmkuY29tXC93cC1jb250ZW50XC91cGxvYWRzXC8yMDIzXC8xMFwvYmFjcy0yMDIzLWd1aWRvLWRldHRvbmktMDMuanBnIiwic2xpZGVzaG93IjoiODc2YmE2MSJ9\" href=\"https:\/\/maria.guidodettoni.com\/wp-content\/uploads\/2023\/10\/bacs-2023-guido-dettoni-03.jpg\"><figure class=\"swiper-slide-inner\"><img decoding=\"async\" class=\"swiper-slide-image\" src=\"https:\/\/maria.guidodettoni.com\/wp-content\/uploads\/2023\/10\/bacs-2023-guido-dettoni-03-300x300.jpg\" alt=\"MARIA Omnia Plena at the Biennal of Contemporary Sacred Art, BACS 2023\" \/><\/figure><\/a><\/div><div class=\"swiper-slide\" role=\"group\" aria-roledescription=\"slide\" aria-label=\"3 di 5\"><a data-elementor-open-lightbox=\"yes\" data-elementor-lightbox-slideshow=\"876ba61\" data-elementor-lightbox-description=\"MARIA Omnia Plena at the Biennal of Contemporary Sacred Art, BACS 2023\" data-e-action-hash=\"#elementor-action%3Aaction%3Dlightbox%26settings%3DeyJpZCI6MjMxNzYsInVybCI6Imh0dHBzOlwvXC9tYXJpYS5ndWlkb2RldHRvbmkuY29tXC93cC1jb250ZW50XC91cGxvYWRzXC8yMDIzXC8xMFwvYmFjcy0yMDIzLWd1aWRvLWRldHRvbmktMDQuanBnIiwic2xpZGVzaG93IjoiODc2YmE2MSJ9\" href=\"https:\/\/maria.guidodettoni.com\/wp-content\/uploads\/2023\/10\/bacs-2023-guido-dettoni-04.jpg\"><figure class=\"swiper-slide-inner\"><img decoding=\"async\" class=\"swiper-slide-image\" src=\"https:\/\/maria.guidodettoni.com\/wp-content\/uploads\/2023\/10\/bacs-2023-guido-dettoni-04-300x300.jpg\" alt=\"MARIA Omnia Plena at the Biennal of Contemporary Sacred Art, BACS 2023\" \/><\/figure><\/a><\/div><div class=\"swiper-slide\" role=\"group\" aria-roledescription=\"slide\" aria-label=\"4 di 5\"><a data-elementor-open-lightbox=\"yes\" data-elementor-lightbox-slideshow=\"876ba61\" data-elementor-lightbox-description=\"MARIA Omnia Plena at the Biennal of Contemporary Sacred Art, BACS 2023\" data-e-action-hash=\"#elementor-action%3Aaction%3Dlightbox%26settings%3DeyJpZCI6MjMxODEsInVybCI6Imh0dHBzOlwvXC9tYXJpYS5ndWlkb2RldHRvbmkuY29tXC93cC1jb250ZW50XC91cGxvYWRzXC8yMDIzXC8xMFwvYmFjcy0yMDIzLWd1aWRvLWRldHRvbmktMDUuanBnIiwic2xpZGVzaG93IjoiODc2YmE2MSJ9\" href=\"https:\/\/maria.guidodettoni.com\/wp-content\/uploads\/2023\/10\/bacs-2023-guido-dettoni-05.jpg\"><figure class=\"swiper-slide-inner\"><img decoding=\"async\" class=\"swiper-slide-image\" src=\"https:\/\/maria.guidodettoni.com\/wp-content\/uploads\/2023\/10\/bacs-2023-guido-dettoni-05-300x300.jpg\" alt=\"MARIA Omnia Plena at the Biennal of Contemporary Sacred Art, BACS 2023\" \/><\/figure><\/a><\/div><div class=\"swiper-slide\" role=\"group\" aria-roledescription=\"slide\" aria-label=\"5 di 5\"><a data-elementor-open-lightbox=\"yes\" data-elementor-lightbox-slideshow=\"876ba61\" data-elementor-lightbox-description=\"MARIA Omnia Plena at the Biennal of Contemporary Sacred Art - BACS 2023\" data-e-action-hash=\"#elementor-action%3Aaction%3Dlightbox%26settings%3DeyJpZCI6MjMxMTYsInVybCI6Imh0dHBzOlwvXC9tYXJpYS5ndWlkb2RldHRvbmkuY29tXC93cC1jb250ZW50XC91cGxvYWRzXC8yMDIzXC8wOVwvbW9wLWJhY3MtMjMtcnJzcy5qcGciLCJzbGlkZXNob3ciOiI4NzZiYTYxIn0%3D\" href=\"https:\/\/maria.guidodettoni.com\/wp-content\/uploads\/2023\/09\/mop-bacs-23-rrss.jpg\"><figure class=\"swiper-slide-inner\"><img decoding=\"async\" class=\"swiper-slide-image\" src=\"https:\/\/maria.guidodettoni.com\/wp-content\/uploads\/2023\/09\/mop-bacs-23-rrss-300x300.jpg\" alt=\"MARIA Omnia Plena at the Biennal of Contemporary Sacred Art - BACS 2023\" \/><\/figure><\/a><\/div>\t\t\t<\/div>\n\t\t\t\t\t\t\t\t\t\t\t\t<div class=\"elementor-swiper-button elementor-swiper-button-prev\" role=\"button\" tabindex=\"0\">\n\t\t\t\t\t\t<i aria-hidden=\"true\" class=\"eicon-chevron-left\"><\/i>\t\t\t\t\t<\/div>\n\t\t\t\t\t<div class=\"elementor-swiper-button elementor-swiper-button-next\" role=\"button\" tabindex=\"0\">\n\t\t\t\t\t\t<i aria-hidden=\"true\" class=\"eicon-chevron-right\"><\/i>\t\t\t\t\t<\/div>\n\t\t\t\t\n\t\t\t\t\t\t\t\t\t<\/div>\n\t\t\t\t\t\t<\/div>\n\t\t\t\t<\/div>\n\t\t\t\t<div class=\"elementor-element elementor-element-f7c140a elementor-invisible elementor-widget elementor-widget-text-editor\" data-id=\"f7c140a\" data-element_type=\"widget\" data-settings=\"{&quot;_animation&quot;:&quot;fadeIn&quot;}\" data-widget_type=\"text-editor.default\">\n\t\t\t\t<div class=\"elementor-widget-container\">\n\t\t\t\t\t\t\t\t\t<p><strong>BACS 2023<\/strong><br \/><strong>Biennale d&#8217;Arte Sacra Contemporanea<br \/><\/strong><br \/>Alla sua terza edizione, incorniciata dal tema REDEMPTION, sono state esposte le opere di 70 artisti in catalogo selezionati dal COMITATO SCIENTIFICO:<\/p>\n<p><em>Presidente: <strong><br \/><\/strong><\/em><strong>Liana Marabini <\/strong>(Monaco)<br \/>Scrittrice, regista e mecenate. Presidente della Biennale, Presidente dei Patroni dei Musei Vaticani (Capitolo di Monaco) President of the Biennale, President of the Patrons of the Vatican Museums (Monaco Chapter)<\/p>\n<p><em>Membri (in ordine alfabetico):<\/em> <br \/>Daniel Bo\u00e9ri (Monaco) Esperto d\u2019arte Presidente della Commissione Cultura e Patrimonio del Consiglio Nazionale del Principato di Monaco, Maria Bologna (Monaco) Giornalista, Maria Lorena Franchi (Italia) Esperta d\u2019arte, Mons. G. B. Ren\u00e9 Giuliano (Monaco) Vicario Generale Onorario, Diocesi di Monaco, Giorgio Grasso (Italia) Storico e critico d\u2019arte, Michel Imbert (Francia) Storico dell\u2019arte, Elisabeth Lev (USA) Scrittrice e storica dell\u2019arte Duquesne University of Chicago, Laura Marsotto (Italia) Patron, Prof. Mar Morosse (Spagna) Professore di Storia dell\u2019arte, Universit\u00e0 di New York.<\/p>\n<p>essendo il COMITATO ONORARIO formato da:<\/p>\n<p><em>Presidente: <\/em><strong><br \/>S.E.R. Card. Gianfranco Ravasi<\/strong> (Vaticano)<\/p>\n<p><em>Membri (in ordine alfabetico):<\/em><br \/>Brigitte Boccone-Pag\u00e8s (Monaco) Presidente del Consiglio Nazionale del Principato di Monaco, Fran\u00e7ois Jacquot (Francia) Collezionista, Gary Krupp (USA) Pave the Way Foundation, New York, Fran\u00e7oise L\u00e9onelli (Francia) Capo Curatore Mus\u00e9e Jean Cocteau, Mentone, Principe Nikolaus von Liechtenstein, Mauro Marabini (Monaco) Collezionista e mecenate, Jean-Luc Marion (Francia) dell\u2019Acad\u00e9mie Fran\u00e7aise, Principessa Maria Pia Ruspoli (Italia) Mecenate, Jean S\u00e9villia (Francia) Storico e scrittore, Anne Shea (USA) Mecenate.<\/p>\n<p>Il tema dell&#8217;edizione 2023 della BACS, che si terr\u00e0 dal 1\u00b0 al 31 ottobre 2023 al Palais des Ambassadeurs di Mentone, \u00e8 la <strong>Redenzione<\/strong>.<br \/>L&#8217;opera che <strong><a href=\"https:\/\/guidodettoni.com\/guido-dettoni-work-exhibits-installations\/\" target=\"_blank\" rel=\"noopener\">Guido Dettoni della Grazia<\/a><\/strong> ha scelto per parteciparvi \u00e8 la nuova versione della sua scultura <a href=\"https:\/\/maria.guidodettoni.com\/it\/la-statua\/maria-omnia-plena\/\"><strong>MARIA Omnia Plena<\/strong><\/a> come <strong>Corredemptriche<\/strong>. Un titolo che esprime e sintetizza la partecipazione di Maria all&#8217;opera salvifica e redentiva di Ges\u00f9 Cristo.<\/p>\n<p>Questo ingrandimento di 54 cm dell&#8217;opera <a href=\"https:\/\/maria.guidodettoni.com\/it\/la-statua\/maria-omnia-plena\/\"><strong>MARIA Omnia Plena,<\/strong><\/a> arriva a Mentone, in Francia, per partecipare alla <a href=\"https:\/\/biennale-bacs.com\/index.php\/committees-2023\/\" target=\"_blank\" rel=\"noopener\"><strong>BIENNALE D&#8217;ARTE SACRA CONTEMPORANEA &#8211; BACS<\/strong><\/a>, dopo essere stata presentata nell&#8217;agosto 2023 al <a href=\"https:\/\/maria.guidodettoni.com\/it\/mostre\/museo-diocesano-cripta-san-rufino-assisi-2023\/\" target=\"_blank\" rel=\"noopener\"><strong>Museo Diocesano Assisano e Cripta di San Rufino<\/strong><\/a>, ad Assisi, Italia.<\/p>\n\t\t\t\t\t\t\t\t<\/div>\n\t\t\t\t<\/div>\n\t\t\t\t<div class=\"elementor-element elementor-element-598089e elementor-widget-divider--view-line elementor-widget elementor-widget-divider\" data-id=\"598089e\" data-element_type=\"widget\" data-widget_type=\"divider.default\">\n\t\t\t\t<div class=\"elementor-widget-container\">\n\t\t\t\t\t\t\t<div class=\"elementor-divider\">\n\t\t\t<span class=\"elementor-divider-separator\">\n\t\t\t\t\t\t<\/span>\n\t\t<\/div>\n\t\t\t\t\t\t<\/div>\n\t\t\t\t<\/div>\n\t\t\t\t<section class=\"elementor-section elementor-inner-section elementor-element elementor-element-1ca6515 elementor-section-boxed elementor-section-height-default elementor-section-height-default\" data-id=\"1ca6515\" data-element_type=\"section\" data-settings=\"{&quot;jet_parallax_layout_list&quot;:[]}\">\n\t\t\t\t\t\t<div class=\"elementor-container elementor-column-gap-default\">\n\t\t\t\t\t<div class=\"elementor-column elementor-col-50 elementor-inner-column elementor-element elementor-element-0b19f36\" data-id=\"0b19f36\" data-element_type=\"column\">\n\t\t\t<div class=\"elementor-widget-wrap elementor-element-populated\">\n\t\t\t\t\t\t<div class=\"elementor-element elementor-element-e378ce6 elementor-widget elementor-widget-image\" data-id=\"e378ce6\" data-element_type=\"widget\" data-widget_type=\"image.default\">\n\t\t\t\t<div class=\"elementor-widget-container\">\n\t\t\t\t\t\t\t\t\t\t\t\t\t\t\t<img fetchpriority=\"high\" decoding=\"async\" width=\"300\" height=\"300\" src=\"https:\/\/maria.guidodettoni.com\/wp-content\/uploads\/2023\/06\/guido-dettoni-maria-ombia-plena-00-300x300.jpg\" class=\"attachment-medium size-medium wp-image-21828\" alt=\"\" srcset=\"https:\/\/maria.guidodettoni.com\/wp-content\/uploads\/2023\/06\/guido-dettoni-maria-ombia-plena-00-300x300.jpg 300w, https:\/\/maria.guidodettoni.com\/wp-content\/uploads\/2023\/06\/guido-dettoni-maria-ombia-plena-00-1024x1024.jpg 1024w, https:\/\/maria.guidodettoni.com\/wp-content\/uploads\/2023\/06\/guido-dettoni-maria-ombia-plena-00-150x150.jpg 150w, https:\/\/maria.guidodettoni.com\/wp-content\/uploads\/2023\/06\/guido-dettoni-maria-ombia-plena-00-768x768.jpg 768w, https:\/\/maria.guidodettoni.com\/wp-content\/uploads\/2023\/06\/guido-dettoni-maria-ombia-plena-00-600x600.jpg 600w, https:\/\/maria.guidodettoni.com\/wp-content\/uploads\/2023\/06\/guido-dettoni-maria-ombia-plena-00-100x100.jpg 100w, https:\/\/maria.guidodettoni.com\/wp-content\/uploads\/2023\/06\/guido-dettoni-maria-ombia-plena-00.jpg 1080w\" sizes=\"(max-width: 300px) 100vw, 300px\" \/>\t\t\t\t\t\t\t\t\t\t\t\t\t\t\t<\/div>\n\t\t\t\t<\/div>\n\t\t\t\t\t<\/div>\n\t\t<\/div>\n\t\t\t\t<div class=\"elementor-column elementor-col-50 elementor-inner-column elementor-element elementor-element-62b0abf\" data-id=\"62b0abf\" data-element_type=\"column\">\n\t\t\t<div class=\"elementor-widget-wrap elementor-element-populated\">\n\t\t\t\t\t\t<div class=\"elementor-element elementor-element-b260d89 elementor-widget elementor-widget-text-editor\" data-id=\"b260d89\" data-element_type=\"widget\" data-widget_type=\"text-editor.default\">\n\t\t\t\t<div class=\"elementor-widget-container\">\n\t\t\t\t\t\t\t\t\t<p>Scultura<strong>: <a href=\"https:\/\/maria.guidodettoni.com\/it\/la-statua\/maria-omnia-plena\/\">MARIA Omnia Plena<\/a><\/strong><br \/>Autore: <a href=\"https:\/\/guidodettoni.com\/guido-dettoni-work-exhibits-installations\/\" target=\"_blank\" rel=\"noopener\">Guido Dettoni della Grazia<\/a><br \/>Anno: 2023<br \/>Materiale: Poliammide bianco.<br \/>Tecnia: Stampa additiva 3D con superficie a rete.<br \/>Dimensioni: Altezza 54 cm (1,78 ft), posta su un piedistallo di ferro alto 124 cm (7,4 ft).<\/p>\n\t\t\t\t\t\t\t\t<\/div>\n\t\t\t\t<\/div>\n\t\t\t\t\t<\/div>\n\t\t<\/div>\n\t\t\t\t\t<\/div>\n\t\t<\/section>\n\t\t\t\t\t<\/div>\n\t\t<\/div>\n\t\t\t\t\t<\/div>\n\t\t<\/section>\n\t\t\t\t<\/div>\n\t\t","protected":false},"excerpt":{"rendered":"<p>Biennale d&#8217;Arte Sacra Contemporanea &#8211; BACS dal 1 al 31 ottobre 2023Menton MARIA omnia plena BACS 2023Biennale d&#8217;Arte Sacra ContemporaneaAlla sua terza edizione, incorniciata dal tema REDEMPTION, sono state esposte le opere di 70 artisti in catalogo selezionati dal COMITATO SCIENTIFICO: Presidente: Liana Marabini (Monaco)Scrittrice, regista e mecenate. Presidente della Biennale, Presidente dei Patroni dei &#8230; <\/p>\n<p class=\"read-more-container\"><a title=\"Biennale d&#8217;Arte Sacra Contemporanea &#8211; BACS 2023\" class=\"read-more button\" href=\"https:\/\/maria.guidodettoni.com\/it\/mostre\/biennale-d-arte-sacra-contemporanea-bacs-2023\/#more-23110\" aria-label=\"More on Biennale d&#8217;Arte Sacra Contemporanea &#8211; BACS 2023\">Leggi tutto<\/a><\/p>\n","protected":false},"author":13,"featured_media":23116,"parent":12878,"menu_order":0,"comment_status":"closed","ping_status":"closed","template":"","meta":{"_acf_changed":false,"footnotes":""},"class_list":["post-23110","page","type-page","status-publish","has-post-thumbnail"],"acf":[],"yoast_head":"<!-- This site is optimized with the Yoast SEO plugin v24.4 - https:\/\/yoast.com\/wordpress\/plugins\/seo\/ -->\n<title>Biennale d&#039;Arte Sacra Contemporanea - BACS, mostra 2023 - MARIA di Guido Dettoni della Grazia<\/title>\n<meta name=\"description\" content=\"MARIA omnia plena vestita di una superficie a rete \u00e8 stata presentata ed esposta nell&#039;ottobre 2023 alla Biennale d&#039;Arte Sacra Contemporanea, BACS\" \/>\n<meta name=\"robots\" content=\"index, follow, max-snippet:-1, max-image-preview:large, max-video-preview:-1\" \/>\n<link rel=\"canonical\" href=\"https:\/\/maria.guidodettoni.com\/it\/mostre\/biennale-d-arte-sacra-contemporanea-bacs-2023\/\" \/>\n<meta property=\"og:locale\" content=\"it_IT\" \/>\n<meta property=\"og:type\" content=\"article\" \/>\n<meta property=\"og:title\" content=\"Biennale d&#039;Arte Sacra Contemporanea - BACS, mostra 2023 - MARIA di Guido Dettoni della Grazia\" \/>\n<meta property=\"og:description\" content=\"MARIA omnia plena vestita di una superficie a rete \u00e8 stata presentata ed esposta nell&#039;ottobre 2023 alla Biennale d&#039;Arte Sacra Contemporanea, BACS\" \/>\n<meta property=\"og:url\" content=\"https:\/\/maria.guidodettoni.com\/it\/mostre\/biennale-d-arte-sacra-contemporanea-bacs-2023\/\" \/>\n<meta property=\"og:site_name\" content=\"MARIA\" \/>\n<meta property=\"article:publisher\" content=\"https:\/\/www.facebook.com\/mostramaria\" \/>\n<meta property=\"article:modified_time\" content=\"2023-10-04T18:11:55+00:00\" \/>\n<meta property=\"og:image\" content=\"https:\/\/maria.guidodettoni.com\/wp-content\/uploads\/2023\/09\/mop-bacs-23-rrss.jpg\" \/>\n\t<meta property=\"og:image:width\" content=\"1201\" \/>\n\t<meta property=\"og:image:height\" content=\"1201\" \/>\n\t<meta property=\"og:image:type\" content=\"image\/jpeg\" \/>\n<meta name=\"twitter:card\" content=\"summary_large_image\" \/>\n<meta name=\"twitter:label1\" content=\"Tempo di lettura stimato\" \/>\n\t<meta name=\"twitter:data1\" content=\"5 minuti\" \/>\n<script type=\"application\/ld+json\" class=\"yoast-schema-graph\">{\"@context\":\"https:\/\/schema.org\",\"@graph\":[{\"@type\":\"WebPage\",\"@id\":\"https:\/\/maria.guidodettoni.com\/it\/mostre\/biennale-d-arte-sacra-contemporanea-bacs-2023\/\",\"url\":\"https:\/\/maria.guidodettoni.com\/it\/mostre\/biennale-d-arte-sacra-contemporanea-bacs-2023\/\",\"name\":\"Biennale d'Arte Sacra Contemporanea - BACS, mostra 2023 - MARIA di Guido Dettoni della Grazia\",\"isPartOf\":{\"@id\":\"https:\/\/maria.guidodettoni.com\/it\/#website\"},\"primaryImageOfPage\":{\"@id\":\"https:\/\/maria.guidodettoni.com\/it\/mostre\/biennale-d-arte-sacra-contemporanea-bacs-2023\/#primaryimage\"},\"image\":{\"@id\":\"https:\/\/maria.guidodettoni.com\/it\/mostre\/biennale-d-arte-sacra-contemporanea-bacs-2023\/#primaryimage\"},\"thumbnailUrl\":\"https:\/\/maria.guidodettoni.com\/wp-content\/uploads\/2023\/09\/mop-bacs-23-rrss.jpg\",\"datePublished\":\"2023-09-25T16:01:41+00:00\",\"dateModified\":\"2023-10-04T18:11:55+00:00\",\"description\":\"MARIA omnia plena vestita di una superficie a rete \u00e8 stata presentata ed esposta nell'ottobre 2023 alla Biennale d'Arte Sacra Contemporanea, BACS\",\"breadcrumb\":{\"@id\":\"https:\/\/maria.guidodettoni.com\/it\/mostre\/biennale-d-arte-sacra-contemporanea-bacs-2023\/#breadcrumb\"},\"inLanguage\":\"it-IT\",\"potentialAction\":[{\"@type\":\"ReadAction\",\"target\":[\"https:\/\/maria.guidodettoni.com\/it\/mostre\/biennale-d-arte-sacra-contemporanea-bacs-2023\/\"]}]},{\"@type\":\"ImageObject\",\"inLanguage\":\"it-IT\",\"@id\":\"https:\/\/maria.guidodettoni.com\/it\/mostre\/biennale-d-arte-sacra-contemporanea-bacs-2023\/#primaryimage\",\"url\":\"https:\/\/maria.guidodettoni.com\/wp-content\/uploads\/2023\/09\/mop-bacs-23-rrss.jpg\",\"contentUrl\":\"https:\/\/maria.guidodettoni.com\/wp-content\/uploads\/2023\/09\/mop-bacs-23-rrss.jpg\",\"width\":1201,\"height\":1201,\"caption\":\"MARIA Omnia Plena at the Biennal of Contemporary Sacred Art - BACS 2023\"},{\"@type\":\"BreadcrumbList\",\"@id\":\"https:\/\/maria.guidodettoni.com\/it\/mostre\/biennale-d-arte-sacra-contemporanea-bacs-2023\/#breadcrumb\",\"itemListElement\":[{\"@type\":\"ListItem\",\"position\":1,\"name\":\"HOME\",\"item\":\"https:\/\/maria.guidodettoni.com\/it\/\"},{\"@type\":\"ListItem\",\"position\":2,\"name\":\"Mostre e Installazioni\",\"item\":\"https:\/\/maria.guidodettoni.com\/it\/mostre\/\"},{\"@type\":\"ListItem\",\"position\":3,\"name\":\"Biennale d&#8217;Arte Sacra Contemporanea &#8211; BACS 2023\"}]},{\"@type\":\"WebSite\",\"@id\":\"https:\/\/maria.guidodettoni.com\/it\/#website\",\"url\":\"https:\/\/maria.guidodettoni.com\/it\/\",\"name\":\"MARIA\",\"description\":\"by Guido Dettoni della Grazia\",\"publisher\":{\"@id\":\"https:\/\/maria.guidodettoni.com\/it\/#organization\"},\"alternateName\":\"by Guido Dettoni della Grazia\",\"potentialAction\":[{\"@type\":\"SearchAction\",\"target\":{\"@type\":\"EntryPoint\",\"urlTemplate\":\"https:\/\/maria.guidodettoni.com\/it\/?s={search_term_string}\"},\"query-input\":{\"@type\":\"PropertyValueSpecification\",\"valueRequired\":true,\"valueName\":\"search_term_string\"}}],\"inLanguage\":\"it-IT\"},{\"@type\":\"Organization\",\"@id\":\"https:\/\/maria.guidodettoni.com\/it\/#organization\",\"name\":\"MARIA\",\"alternateName\":\"MARIA\",\"url\":\"https:\/\/maria.guidodettoni.com\/it\/\",\"logo\":{\"@type\":\"ImageObject\",\"inLanguage\":\"it-IT\",\"@id\":\"https:\/\/maria.guidodettoni.com\/it\/#\/schema\/logo\/image\/\",\"url\":\"https:\/\/maria.guidodettoni.com\/wp-content\/uploads\/2022\/11\/maria-pic-logo.jpg\",\"contentUrl\":\"https:\/\/maria.guidodettoni.com\/wp-content\/uploads\/2022\/11\/maria-pic-logo.jpg\",\"width\":300,\"height\":300,\"caption\":\"MARIA\"},\"image\":{\"@id\":\"https:\/\/maria.guidodettoni.com\/it\/#\/schema\/logo\/image\/\"},\"sameAs\":[\"https:\/\/www.facebook.com\/mostramaria\",\"https:\/\/www.instagram.com\/mariaescultura\/\",\"https:\/\/www.youtube.com\/user\/nesherorg\",\"https:\/\/vimeo.com\/neshereditions\"]}]}<\/script>\n<!-- \/ Yoast SEO plugin. -->","yoast_head_json":{"title":"Biennale d'Arte Sacra Contemporanea - BACS, mostra 2023 - MARIA di Guido Dettoni della Grazia","description":"MARIA omnia plena vestita di una superficie a rete \u00e8 stata presentata ed esposta nell'ottobre 2023 alla Biennale d'Arte Sacra Contemporanea, BACS","robots":{"index":"index","follow":"follow","max-snippet":"max-snippet:-1","max-image-preview":"max-image-preview:large","max-video-preview":"max-video-preview:-1"},"canonical":"https:\/\/maria.guidodettoni.com\/it\/mostre\/biennale-d-arte-sacra-contemporanea-bacs-2023\/","og_locale":"it_IT","og_type":"article","og_title":"Biennale d'Arte Sacra Contemporanea - BACS, mostra 2023 - MARIA di Guido Dettoni della Grazia","og_description":"MARIA omnia plena vestita di una superficie a rete \u00e8 stata presentata ed esposta nell'ottobre 2023 alla Biennale d'Arte Sacra Contemporanea, BACS","og_url":"https:\/\/maria.guidodettoni.com\/it\/mostre\/biennale-d-arte-sacra-contemporanea-bacs-2023\/","og_site_name":"MARIA","article_publisher":"https:\/\/www.facebook.com\/mostramaria","article_modified_time":"2023-10-04T18:11:55+00:00","og_image":[{"width":1201,"height":1201,"url":"https:\/\/maria.guidodettoni.com\/wp-content\/uploads\/2023\/09\/mop-bacs-23-rrss.jpg","type":"image\/jpeg"}],"twitter_card":"summary_large_image","twitter_misc":{"Tempo di lettura stimato":"5 minuti"},"schema":{"@context":"https:\/\/schema.org","@graph":[{"@type":"WebPage","@id":"https:\/\/maria.guidodettoni.com\/it\/mostre\/biennale-d-arte-sacra-contemporanea-bacs-2023\/","url":"https:\/\/maria.guidodettoni.com\/it\/mostre\/biennale-d-arte-sacra-contemporanea-bacs-2023\/","name":"Biennale d'Arte Sacra Contemporanea - BACS, mostra 2023 - MARIA di Guido Dettoni della Grazia","isPartOf":{"@id":"https:\/\/maria.guidodettoni.com\/it\/#website"},"primaryImageOfPage":{"@id":"https:\/\/maria.guidodettoni.com\/it\/mostre\/biennale-d-arte-sacra-contemporanea-bacs-2023\/#primaryimage"},"image":{"@id":"https:\/\/maria.guidodettoni.com\/it\/mostre\/biennale-d-arte-sacra-contemporanea-bacs-2023\/#primaryimage"},"thumbnailUrl":"https:\/\/maria.guidodettoni.com\/wp-content\/uploads\/2023\/09\/mop-bacs-23-rrss.jpg","datePublished":"2023-09-25T16:01:41+00:00","dateModified":"2023-10-04T18:11:55+00:00","description":"MARIA omnia plena vestita di una superficie a rete \u00e8 stata presentata ed esposta nell'ottobre 2023 alla Biennale d'Arte Sacra Contemporanea, BACS","breadcrumb":{"@id":"https:\/\/maria.guidodettoni.com\/it\/mostre\/biennale-d-arte-sacra-contemporanea-bacs-2023\/#breadcrumb"},"inLanguage":"it-IT","potentialAction":[{"@type":"ReadAction","target":["https:\/\/maria.guidodettoni.com\/it\/mostre\/biennale-d-arte-sacra-contemporanea-bacs-2023\/"]}]},{"@type":"ImageObject","inLanguage":"it-IT","@id":"https:\/\/maria.guidodettoni.com\/it\/mostre\/biennale-d-arte-sacra-contemporanea-bacs-2023\/#primaryimage","url":"https:\/\/maria.guidodettoni.com\/wp-content\/uploads\/2023\/09\/mop-bacs-23-rrss.jpg","contentUrl":"https:\/\/maria.guidodettoni.com\/wp-content\/uploads\/2023\/09\/mop-bacs-23-rrss.jpg","width":1201,"height":1201,"caption":"MARIA Omnia Plena at the Biennal of Contemporary Sacred Art - BACS 2023"},{"@type":"BreadcrumbList","@id":"https:\/\/maria.guidodettoni.com\/it\/mostre\/biennale-d-arte-sacra-contemporanea-bacs-2023\/#breadcrumb","itemListElement":[{"@type":"ListItem","position":1,"name":"HOME","item":"https:\/\/maria.guidodettoni.com\/it\/"},{"@type":"ListItem","position":2,"name":"Mostre e Installazioni","item":"https:\/\/maria.guidodettoni.com\/it\/mostre\/"},{"@type":"ListItem","position":3,"name":"Biennale d&#8217;Arte Sacra Contemporanea &#8211; BACS 2023"}]},{"@type":"WebSite","@id":"https:\/\/maria.guidodettoni.com\/it\/#website","url":"https:\/\/maria.guidodettoni.com\/it\/","name":"MARIA","description":"by Guido Dettoni della Grazia","publisher":{"@id":"https:\/\/maria.guidodettoni.com\/it\/#organization"},"alternateName":"by Guido Dettoni della Grazia","potentialAction":[{"@type":"SearchAction","target":{"@type":"EntryPoint","urlTemplate":"https:\/\/maria.guidodettoni.com\/it\/?s={search_term_string}"},"query-input":{"@type":"PropertyValueSpecification","valueRequired":true,"valueName":"search_term_string"}}],"inLanguage":"it-IT"},{"@type":"Organization","@id":"https:\/\/maria.guidodettoni.com\/it\/#organization","name":"MARIA","alternateName":"MARIA","url":"https:\/\/maria.guidodettoni.com\/it\/","logo":{"@type":"ImageObject","inLanguage":"it-IT","@id":"https:\/\/maria.guidodettoni.com\/it\/#\/schema\/logo\/image\/","url":"https:\/\/maria.guidodettoni.com\/wp-content\/uploads\/2022\/11\/maria-pic-logo.jpg","contentUrl":"https:\/\/maria.guidodettoni.com\/wp-content\/uploads\/2022\/11\/maria-pic-logo.jpg","width":300,"height":300,"caption":"MARIA"},"image":{"@id":"https:\/\/maria.guidodettoni.com\/it\/#\/schema\/logo\/image\/"},"sameAs":["https:\/\/www.facebook.com\/mostramaria","https:\/\/www.instagram.com\/mariaescultura\/","https:\/\/www.youtube.com\/user\/nesherorg","https:\/\/vimeo.com\/neshereditions"]}]}},"_links":{"self":[{"href":"https:\/\/maria.guidodettoni.com\/it\/wp-json\/wp\/v2\/pages\/23110","targetHints":{"allow":["GET"]}}],"collection":[{"href":"https:\/\/maria.guidodettoni.com\/it\/wp-json\/wp\/v2\/pages"}],"about":[{"href":"https:\/\/maria.guidodettoni.com\/it\/wp-json\/wp\/v2\/types\/page"}],"author":[{"embeddable":true,"href":"https:\/\/maria.guidodettoni.com\/it\/wp-json\/wp\/v2\/users\/13"}],"replies":[{"embeddable":true,"href":"https:\/\/maria.guidodettoni.com\/it\/wp-json\/wp\/v2\/comments?post=23110"}],"version-history":[{"count":7,"href":"https:\/\/maria.guidodettoni.com\/it\/wp-json\/wp\/v2\/pages\/23110\/revisions"}],"predecessor-version":[{"id":23228,"href":"https:\/\/maria.guidodettoni.com\/it\/wp-json\/wp\/v2\/pages\/23110\/revisions\/23228"}],"up":[{"embeddable":true,"href":"https:\/\/maria.guidodettoni.com\/it\/wp-json\/wp\/v2\/pages\/12878"}],"wp:featuredmedia":[{"embeddable":true,"href":"https:\/\/maria.guidodettoni.com\/it\/wp-json\/wp\/v2\/media\/23116"}],"wp:attachment":[{"href":"https:\/\/maria.guidodettoni.com\/it\/wp-json\/wp\/v2\/media?parent=23110"}],"curies":[{"name":"wp","href":"https:\/\/api.w.org\/{rel}","templated":true}]}}